{"id":9030,"date":"2025-01-22T11:55:48","date_gmt":"2025-01-22T11:55:48","guid":{"rendered":"https:\/\/dekastar.lt\/?post_type=product&#038;p=9030"},"modified":"2025-10-22T12:22:59","modified_gmt":"2025-10-22T12:22:59","slug":"reima-raikko-pavasario-rudens-kombinezonas-rozinis","status":"publish","type":"product","link":"https:\/\/dekastar.lt\/lv\/products\/reima-raikko-pavasario-rudens-kombinezonas-rozinis\/","title":{"rendered":"Reima RAIKKO Pavasara\/rudens kombinezons (roz\u0101)"},"content":{"rendered":"<p>Uzman\u012bbu! Reima\u00ae kr\u016b\u0161tura biks\u012bt\u0113s ir atst\u0101ta vieta aug\u0161anai (aptuveni 6 cm). Ja j\u016bsu b\u0113rns ruden\u012b ir tuvu 104 cm augumam un ir vid\u0113ja auguma, 104. izm\u0113ra biks\u012bt\u0113m ziem\u0101 vajadz\u0113tu vi\u0146am labi pierast. <\/p>\n<p>\"Raikko biks\u012btes ir iztur\u012bgs un daudzpus\u012bgs ap\u0123\u0113rbs akt\u012bviem b\u0113rniem. Tas ir \u016bdens un v\u0113ja necaurlaid\u012bgs un pasarg\u0101 b\u0113rnus no skarbiem laikapst\u0101k\u013ciem. T\u0113rpam ir atstarojo\u0161as deta\u013cas, lai tas b\u016btu b\u0113rniem lab\u0101k paman\u0101ms. No\u0146emam\u0101 kapuce, elast\u012bg\u0101s aproces un regul\u0113jam\u0101 josta nodro\u0161ina papildu komfortu. \u016adensnecaurlaid\u012bg\u0101 un \u0161uv\u0113m herm\u0113tisk\u0101 konstrukcija \u013cauj b\u0113rniem bez raiz\u0113m \u0161\u013cakst\u012bties pe\u013c\u0137\u0113s. Iztur\u012bgajam s\u0113deklim nav \u0161uvju, kas nodro\u0161ina maksim\u0101lu iztur\u012bbu. Sietainais oder\u0113jums nodro\u0161ina b\u0113rniem komfortu visas dienas garum\u0101. Divas r\u0101v\u0113jsl\u0113dz\u0113ja aizdares kabatas svar\u012bg\u0101kaj\u0101m liet\u0101m. Silikona k\u0101ju cilpas zem apava papildu stabilit\u0101tei. \u0160is iztur\u012bgais siksni\u0146\u0161 var iztur\u0113t visu, ko j\u016bsu b\u0113rni tam nodar\u012bs, un \u013cauj vi\u0146iem baud\u012bt \u0101ra piedz\u012bvojumus bez ierobe\u017eojumiem!<\/p>\n<p>Inform\u0101cija par produktu: <\/p>\n<p>    \u016adens un v\u0113ja iztur\u012bgs materi\u0101ls;<br \/>\n    Atstarojo\u0161as deta\u013cas uzlabo b\u0113rnu redzam\u012bbu;<br \/>\n    No\u0146emama kapuce;<br \/>\n    Elast\u012bgas aproces;<br \/>\n    Regul\u0113jams viduklis;<br \/>\n    \u016adensnecaurlaid\u012bga konstrukcija ar bl\u012bv\u0113t\u0101m \u0161uv\u0113m;<br \/>\n    Iztur\u012bgs s\u0113deklis bez iek\u0161\u0113j\u0101m \u0161uv\u0113m;<br \/>\n    Komfortam piem\u0113rota t\u012bkla oder\u0113jums;<br \/>\n    Divas r\u0101v\u0113jsl\u0113dz\u0113ja aizdares kabatas;<br \/>\n    Silikona k\u0101ju cilpas papildu stabilit\u0101tei;<br \/>\n    \u016adensiztur\u012bba: 10 000 mm;<br \/>\n    Elpojam\u012bba: 7 000 g\/m2\/24 h<\/p>\n<p>Materi\u0101ls:<\/p>\n<p>    Iek\u0161\u0113j\u0101 odere: 100 % p\u0101rstr\u0101d\u0101ts poliesteris;<br \/>\n    \u0100r\u0113jais audums: 55 % p\u0101rstr\u0101d\u0101ts poliesteris, 45 % poliesteris, poliuret\u0101na lamin\u0113\u0161ana.<\/p>","protected":false},"excerpt":{"rendered":"<p>D\u0117mesio! Reima\u00ae kombinezonuose palikta \u0161iek tiek vietos augimui (apie 6 cm). Jei J\u016bs\u0173 vaiko \u016bgis ruden\u012f yra arti 104 cm \u016bgio ir vaikas yra vidutinio k\u016bno sud\u0117jimo, tai 104 dyd\u017eio kombinezonas jam tur\u0117t\u0173 puikai tikti \u017eiemos metu. \u201eRaikko\u201c kombinezonas \u2013 tai patvari ir universali aktyviems vaikams skirta apranga. Jis yra atsparus vandeniui ir v\u0117jui, apsaugo [&hellip;]<\/p>\n","protected":false},"featured_media":9036,"template":"","meta":{"_acf_changed":false},"pwb-brand":[81],"product_brand":[],"product_cat":[40,68,110],"product_tag":[],"class_list":{"0":"post-9030","1":"product","2":"type-product","3":"status-publish","4":"has-post-thumbnail","6":"pwb-brand-reima","7":"product_cat-vaikams","8":"product_cat-kombinezonai","9":"product_cat-sezoniniai-kombinezonai","10":"pa_drabuziu-dydis-146","11":"pa_drabuziu-dydis-216","12":"pa_drabuziu-dydis-148","13":"pa_drabuziu-dydis-142","15":"first","16":"outofstock","17":"shipping-taxable","18":"product-type-variable"},"supplier_id":null,"supplier_sku":"","barcode":null,"atum_controlled":true,"out_stock_date":null,"out_stock_threshold":null,"inheritable":false,"inbound_stock":null,"stock_on_hold":0,"sold_today":0,"sales_last_days":0,"reserved_stock":null,"customer_returns":null,"warehouse_damage":null,"lost_in_post":null,"other_logs":null,"out_stock_days":0,"lost_sales":0,"has_location":null,"update_date":"2026-04-29T03:16:26","atum_locations":[],"atum_stock_status":"outofstock","restock_status":false,"low_stock_amount":"","sales_update_date":"2026-04-29T03:16:26","calc_backorders":null,"acf":[],"brands":[{"id":81,"name":"REIMA","slug":"reima"}],"_links":{"self":[{"href":"https:\/\/dekastar.lt\/lv\/wp-json\/wp\/v2\/product\/9030","targetHints":{"allow":["GET"]}}],"collection":[{"href":"https:\/\/dekastar.lt\/lv\/wp-json\/wp\/v2\/product"}],"about":[{"href":"https:\/\/dekastar.lt\/lv\/wp-json\/wp\/v2\/types\/product"}],"wp:featuredmedia":[{"embeddable":true,"href":"https:\/\/dekastar.lt\/lv\/wp-json\/wp\/v2\/media\/9036"}],"wp:attachment":[{"href":"https:\/\/dekastar.lt\/lv\/wp-json\/wp\/v2\/media?parent=9030"}],"wp:term":[{"taxonomy":"pwb-brand","embeddable":true,"href":"https:\/\/dekastar.lt\/lv\/wp-json\/wp\/v2\/pwb-brand?post=9030"},{"taxonomy":"product_brand","embeddable":true,"href":"https:\/\/dekastar.lt\/lv\/wp-json\/wp\/v2\/product_brand?post=9030"},{"taxonomy":"product_cat","embeddable":true,"href":"https:\/\/dekastar.lt\/lv\/wp-json\/wp\/v2\/product_cat?post=9030"},{"taxonomy":"product_tag","embeddable":true,"href":"https:\/\/dekastar.lt\/lv\/wp-json\/wp\/v2\/product_tag?post=9030"}],"curies":[{"name":"wp","href":"https:\/\/api.w.org\/{rel}","templated":true}]}}